{"id":14124,"date":"2020-11-03T07:33:47","date_gmt":"2020-11-03T06:33:47","guid":{"rendered":"http:\/\/smaria.salou.arqtgn.cat\/?page_id=14124"},"modified":"2020-11-03T08:03:56","modified_gmt":"2020-11-03T07:03:56","slug":"2-creer-en-una-iglesia-que-sale-al-encuentro-de-los-demas-y-hace-atractiva-la-fe","status":"publish","type":"page","link":"https:\/\/smaria.salou.arqtgn.cat\/es\/lesperit-fa-jove-a-lesglesia\/2-creer-en-una-iglesia-que-sale-al-encuentro-de-los-demas-y-hace-atractiva-la-fe\/","title":{"rendered":"2. Creer en una Iglesia que \u00absale\u00bb al encuentro de los dem\u00e1s y hace atractiva la fe"},"content":{"rendered":"<p style=\"text-align: justify\"><a href=\"http:\/\/smaria.salou.arqtgn.cat\/wp-content\/uploads\/sites\/10\/2020\/10\/logo_esp_jov_esg_b.jpg\"><img loading=\"lazy\" decoding=\"async\" class=\"aligncenter size-full wp-image-14041\" src=\"http:\/\/smaria.salou.arqtgn.cat\/wp-content\/uploads\/sites\/10\/2020\/10\/logo_esp_jov_esg_b.jpg\" alt=\"\" width=\"800\" height=\"137\" srcset=\"https:\/\/smaria.salou.arqtgn.cat\/wp-content\/uploads\/sites\/10\/2020\/10\/logo_esp_jov_esg_b.jpg 800w, https:\/\/smaria.salou.arqtgn.cat\/wp-content\/uploads\/sites\/10\/2020\/10\/logo_esp_jov_esg_b-300x51.jpg 300w, https:\/\/smaria.salou.arqtgn.cat\/wp-content\/uploads\/sites\/10\/2020\/10\/logo_esp_jov_esg_b-768x132.jpg 768w, https:\/\/smaria.salou.arqtgn.cat\/wp-content\/uploads\/sites\/10\/2020\/10\/logo_esp_jov_esg_b-560x96.jpg 560w\" sizes=\"auto, (max-width: 800px) 100vw, 800px\" \/><\/a><\/p>\n<p style=\"text-align: justify\">El Concilio Tarraconense manifiesta el <span style=\"color: #0000ff\">\u00abcar\u00e1cter secular y plural de la sociedad catalana\u00bb<\/span> y ense\u00f1a: Sentimos el placer de anunciar el Evangelio del Reino de Dios, y lo vivimos en nuestra sociedad concreta, marcada por la secularizaci\u00f3n y el pluralismo [&#8230; que] implican una serie de <span style=\"color: #0000ff\">consecuencias.<\/span><\/p>\n<p style=\"text-align: justify\">Entre las <span style=\"color: #0000ff\">positivas<\/span> se cuentan la <span style=\"color: #0000ff\">ausencia de presi\u00f3n religiosa<\/span> o irreligiosa por parte de los Estados, con un sentido de tolerancia generalizada, y con la <span style=\"color: #0000ff\">convicci\u00f3n de que la Iglesia no debe dominar el mundo<\/span> sino que hay que aportar las energ\u00edas religiosas de la fe, de la esperanza y del amor, lo que significa, pero, p\u00e9rdida de influencia social y de poder.<\/p>\n<p style=\"text-align: justify\">Entre las consecuencias <span style=\"color: #0000ff\">negativas<\/span> se cuentan <span style=\"color: #0000ff\">la dificultad de especificar el rol p\u00fablico de la Iglesia en las sociedades modernas<\/span>. [\u2026] Otras consecuencias negativas son la <span style=\"color: #0000ff\">ignorancia y el indiferentismo religioso<\/span>, que act\u00faan como un elemento de erosi\u00f3n de la misma dimensi\u00f3n comunitaria de la fe (CPT 1).<\/p>\n<p style=\"text-align: justify\">Hoy, una de las <span style=\"color: #0000ff\">cuestiones fundamentales que nos debemos plantear<\/span> en nuestra Iglesia es la de <span style=\"color: #0000ff\">hacer atractiva la fe<\/span>. Hay, por tanto, un laborioso ejercicio de la inteligencia. Este es un verdadero <span style=\"color: #0000ff\">trabajo \u00abde Iglesia en salida\u00bb<\/span>, como explicita el papa Francisco, y de <span style=\"color: #0000ff\">no quedarnos meramente a hacer lo que siempre se ha hecho<\/span>, trabajando \u00fanicamente por el resto que se encuentra dentro de la Iglesia:<\/p>\n<p style=\"text-align: justify\">Salgamos, salgamos\u2026 <span style=\"color: #0000ff\">Prefiero una Iglesia accidentada<\/span>, herida y manchada porque sale a la calle, antes de que una <span style=\"color: #0000ff\">Iglesia enferma<\/span> por el cierre y la comodidad de aferrarse a las propias seguridades [&#8230;]. M\u00e1s que el temor a equivocarnos, espero que nos mueva el temor a encerrarnos en las estructuras que nos dan una falsa contenci\u00f3n, en las normas que nos vuelven jueces implacables, en las costumbres donde nos sentimos tranquilos, mientras afuera una multitud hambrienta y Jes\u00fas nos repite sin cansarse: \u00abDadles vosotros de comer\u00bb (Mc 6,37) (EG 49).<\/p>\n<p style=\"text-align: justify\">Se trata de un <span style=\"color: #0000ff\">trabajo constante y humilde<\/span>, un trabajo que debe entenderse como una verdadera <span style=\"color: #0000ff\">\u00abpreparaci\u00f3n para el Evangelio\u00bb<\/span>. Lo importante es la \u00abdisposici\u00f3n para la esperanza\u00bb, de <span style=\"color: #0000ff\">preparar las mentes para que se abran y escuchen<\/span>. De ah\u00ed que nuestro <span style=\"color: #0000ff\">di\u00e1logo con el mundo<\/span> implique una fuerte dosis de <span style=\"color: #0000ff\">humildad,<\/span> deba incidir fundamentalmente en la <span style=\"color: #0000ff\">belleza y coherencia del mensaje propuesto<\/span>, y que \u00e9ste vaya acompa\u00f1ado del <span style=\"color: #0000ff\">testimonio concreto de vida cristiana, es decir, de la santidad<\/span>. Los cristianos sabemos que quien nos puede salvar no es \u00abun dios\u00bb, sino \u00abel Dios hecho hombre\u00bb, Jesucristo, Palabra nueva y Luz necesaria.<\/p>\n<p style=\"text-align: justify\"><span style=\"color: #0000ff\">Pedimos que el Esp\u00edritu rejuvenezca nuestra Iglesia por medio del coraje de salir hacia los alejados y los que se muestran indiferentes a la fe cristiana, procurando hacer significativa y atractiva la convicci\u00f3n de fe que llevamos en el fondo del coraz\u00f3n.<\/span><\/p>\n<p>Pincha <span style=\"color: #ff0000\"><strong><a style=\"color: #ff0000\" href=\"https:\/\/forms.gle\/wQvPHoVdgFJNDLFY9\" target=\"_blank\" rel=\"noopener noreferrer\">aqu\u00ed<\/a><\/strong><\/span> para responder el cuestinario.<\/p>\n","protected":false},"excerpt":{"rendered":"<p>El Concilio Tarraconense manifiesta el \u00abcar\u00e1cter secular y plural de la sociedad catalana\u00bb y ense\u00f1a: Sentimos el placer de anunciar el Evangelio del Reino de Dios, y lo vivimos en nuestra sociedad concreta, marcada por la secularizaci\u00f3n y el pluralismo [&#8230; que] implican una serie de consecuencias. Entre las positivas se cuentan la ausencia de &hellip; <\/p>\n<p><a class=\"more-link btn\" href=\"https:\/\/smaria.salou.arqtgn.cat\/es\/lesperit-fa-jove-a-lesglesia\/2-creer-en-una-iglesia-que-sale-al-encuentro-de-los-demas-y-hace-atractiva-la-fe\/\">Seguir leyendo<\/a><\/p>\n","protected":false},"author":11,"featured_media":0,"parent":14062,"menu_order":2,"comment_status":"closed","ping_status":"closed","template":"","meta":{"footnotes":""},"class_list":["post-14124","page","type-page","status-publish","hentry","nodate","item-wrap"],"amp_enabled":true,"_links":{"self":[{"href":"https:\/\/smaria.salou.arqtgn.cat\/es\/wp-json\/wp\/v2\/pages\/14124","targetHints":{"allow":["GET"]}}],"collection":[{"href":"https:\/\/smaria.salou.arqtgn.cat\/es\/wp-json\/wp\/v2\/pages"}],"about":[{"href":"https:\/\/smaria.salou.arqtgn.cat\/es\/wp-json\/wp\/v2\/types\/page"}],"author":[{"embeddable":true,"href":"https:\/\/smaria.salou.arqtgn.cat\/es\/wp-json\/wp\/v2\/users\/11"}],"replies":[{"embeddable":true,"href":"https:\/\/smaria.salou.arqtgn.cat\/es\/wp-json\/wp\/v2\/comments?post=14124"}],"version-history":[{"count":4,"href":"https:\/\/smaria.salou.arqtgn.cat\/es\/wp-json\/wp\/v2\/pages\/14124\/revisions"}],"predecessor-version":[{"id":14131,"href":"https:\/\/smaria.salou.arqtgn.cat\/es\/wp-json\/wp\/v2\/pages\/14124\/revisions\/14131"}],"up":[{"embeddable":true,"href":"https:\/\/smaria.salou.arqtgn.cat\/es\/wp-json\/wp\/v2\/pages\/14062"}],"wp:attachment":[{"href":"https:\/\/smaria.salou.arqtgn.cat\/es\/wp-json\/wp\/v2\/media?parent=14124"}],"curies":[{"name":"wp","href":"https:\/\/api.w.org\/{rel}","templated":true}]}}