{"id":14062,"date":"2020-10-25T16:59:42","date_gmt":"2020-10-25T15:59:42","guid":{"rendered":"http:\/\/smaria.salou.arqtgn.cat\/?page_id=14062"},"modified":"2020-10-25T17:00:18","modified_gmt":"2020-10-25T16:00:18","slug":"lesperit-fa-jove-a-lesglesia","status":"publish","type":"page","link":"https:\/\/smaria.salou.arqtgn.cat\/es\/lesperit-fa-jove-a-lesglesia\/","title":{"rendered":"El Esp\u00edritu hace joven la Iglesia"},"content":{"rendered":"<h4 style=\"text-align: center\"><span style=\"color: #993300\"><strong><a href=\"http:\/\/smaria.salou.arqtgn.cat\/wp-content\/uploads\/sites\/10\/2020\/10\/logo_esp_jov_esg.jpg\"><img loading=\"lazy\" decoding=\"async\" class=\"aligncenter size-full wp-image-14027\" src=\"http:\/\/smaria.salou.arqtgn.cat\/wp-content\/uploads\/sites\/10\/2020\/10\/logo_esp_jov_esg.jpg\" alt=\"\" width=\"800\" height=\"393\" srcset=\"https:\/\/smaria.salou.arqtgn.cat\/wp-content\/uploads\/sites\/10\/2020\/10\/logo_esp_jov_esg.jpg 800w, https:\/\/smaria.salou.arqtgn.cat\/wp-content\/uploads\/sites\/10\/2020\/10\/logo_esp_jov_esg-300x147.jpg 300w, https:\/\/smaria.salou.arqtgn.cat\/wp-content\/uploads\/sites\/10\/2020\/10\/logo_esp_jov_esg-768x377.jpg 768w, https:\/\/smaria.salou.arqtgn.cat\/wp-content\/uploads\/sites\/10\/2020\/10\/logo_esp_jov_esg-560x275.jpg 560w\" sizes=\"auto, (max-width: 800px) 100vw, 800px\" \/><\/a><\/strong><\/span><\/h4>\n<h4 style=\"text-align: center\"><span style=\"color: #993300\"><strong>PLAN\u00a0 PASTORAL\u00a0 DIOCESANO<\/strong><\/span><\/h4>\n<p>&nbsp;<\/p>\n<p style=\"text-align: justify\">Estimados hermanos y hermanas de las parroquias de Santa Mar\u00eda del Mar y San Ram\u00f3n Nonato de Salou:<\/p>\n<p style=\"text-align: justify\">Nuestro arzobispo Joan quiere emprender la redacci\u00f3n del nuevo Plan Pastoral de la Archidi\u00f3cesis de Tarragona, y lo quiere hacer con la participaci\u00f3n del mayor n\u00famero de fieles. Por ello, a partir de su Exhortaci\u00f3n Pastoral \u00abEl Esp\u00edritu hace joven la Iglesia\u00bb, se est\u00e1n preparando unos cuestionarios, las respuestas de los cuales servir\u00e1n para, posteriormente, redactar el Plan Pastoral.<\/p>\n<p style=\"text-align: justify\">Os enviamos un resumen de la Introducci\u00f3n y del Primer Punto: \u00abCreer que la Iglesia que evangeliza es todo el Pueblo de Dios\u00bb, esto como un Cuestionario adaptado.<\/p>\n<p style=\"text-align: justify\">Muchas veces hemos hablado de la necesidad del desarrollo de la \u00abComunidad Cristiana\u00bb, lo que supone la participaci\u00f3n de los cristianos. Esta es una oportunidad para que participamos en las decisiones que marcar\u00e1n los pr\u00f3ximos a\u00f1os de nuestra Iglesia de Tarragona.<\/p>\n<p style=\"text-align: justify\">Rogamos, por tanto, que leas este resumen de la Exhortaci\u00f3n y respondas la encuesta, y las pr\u00f3ximas que se ir\u00e1n a\u00f1adiendo. Si alguien estuviera interesado en leer la Exhortaci\u00f3n Pastoral completa, decidlo y os la har\u00edamos llegar.<\/p>\n<p style=\"text-align: justify\">Un saludo cordial. Y que Dios os bendiga.<br \/>\n<em>Vuestros sacerdotes.<\/em><\/p>\n","protected":false},"excerpt":{"rendered":"<p>PLAN\u00a0 PASTORAL\u00a0 DIOCESANO &nbsp; Estimados hermanos y hermanas de las parroquias de Santa Mar\u00eda del Mar y San Ram\u00f3n Nonato de Salou: Nuestro arzobispo Joan quiere emprender la redacci\u00f3n del nuevo Plan Pastoral de la Archidi\u00f3cesis de Tarragona, y lo quiere hacer con la participaci\u00f3n del mayor n\u00famero de fieles. Por ello, a partir de &hellip; <\/p>\n<p><a class=\"more-link btn\" href=\"https:\/\/smaria.salou.arqtgn.cat\/es\/lesperit-fa-jove-a-lesglesia\/\">Seguir leyendo<\/a><\/p>\n","protected":false},"author":11,"featured_media":0,"parent":0,"menu_order":0,"comment_status":"closed","ping_status":"closed","template":"","meta":{"footnotes":""},"class_list":["post-14062","page","type-page","status-publish","hentry","nodate","item-wrap"],"amp_enabled":true,"_links":{"self":[{"href":"https:\/\/smaria.salou.arqtgn.cat\/es\/wp-json\/wp\/v2\/pages\/14062","targetHints":{"allow":["GET"]}}],"collection":[{"href":"https:\/\/smaria.salou.arqtgn.cat\/es\/wp-json\/wp\/v2\/pages"}],"about":[{"href":"https:\/\/smaria.salou.arqtgn.cat\/es\/wp-json\/wp\/v2\/types\/page"}],"author":[{"embeddable":true,"href":"https:\/\/smaria.salou.arqtgn.cat\/es\/wp-json\/wp\/v2\/users\/11"}],"replies":[{"embeddable":true,"href":"https:\/\/smaria.salou.arqtgn.cat\/es\/wp-json\/wp\/v2\/comments?post=14062"}],"version-history":[{"count":4,"href":"https:\/\/smaria.salou.arqtgn.cat\/es\/wp-json\/wp\/v2\/pages\/14062\/revisions"}],"predecessor-version":[{"id":14073,"href":"https:\/\/smaria.salou.arqtgn.cat\/es\/wp-json\/wp\/v2\/pages\/14062\/revisions\/14073"}],"wp:attachment":[{"href":"https:\/\/smaria.salou.arqtgn.cat\/es\/wp-json\/wp\/v2\/media?parent=14062"}],"curies":[{"name":"wp","href":"https:\/\/api.w.org\/{rel}","templated":true}]}}